{"id":228,"date":"2020-01-26T18:05:19","date_gmt":"2020-01-26T17:05:19","guid":{"rendered":"http:\/\/localhost\/wp-erim\/wordpress\/?page_id=228"},"modified":"2020-05-21T22:59:46","modified_gmt":"2020-05-21T20:59:46","slug":"dusko-petrovic","status":"publish","type":"page","link":"https:\/\/erim.ief.hr\/en\/dusko-petrovic\/","title":{"rendered":"dr. sc. Du\u0161ko Petrovi\u0107"},"content":{"rendered":"<div class=\"wp-block-image\"><figure class=\"alignleft size-large is-resized\"><img loading=\"lazy\" src=\"http:\/\/theta.ffzg.hr\/obeliks\/Multimedija\/Profili\/D37A6F09511F390C988B35F7DBC952A3.jpg?autorotate=true\" alt=\"\" width=\"321\" height=\"228\"\/><\/figure><\/div>\n\n\n\n<p class=\"has-text-align-left\">Dr. sc. Du\u0161ko Petrovi\u0107 (Sarajevo, 1977) diplomirao je filozofiju i etnologiju na Filozofskom fakultetu Sveu\u010dili\u0161ta u Zagrebu 2004. godine. Doktorirao je 2013. godine s radom pod naslovom <em>Fenomen izbjegli\u0161tva i biopolitika: propitivanje temeljnih koncepata, kulturnoantropolo\u0161ka perspektiva. <\/em>Od 2009. godine zaposlen je na Odsjeku za etnologiju i kulturnu antropologiju Filozofskog fakulteta u Zagrebu, od 2017. godine kao docent. Bio je suradnik na projektu Ministarstva znanosti, obrazovanja i \u0161porta <em>Etnolo\u0161ka baza podataka kao izvor znanja o etni\u010dkim i nacionalnim identitetima <\/em>(2009. \u2013 2012.) te na projektu Hrvatske zaklade za znanost <em>Globalization and Politics of Cultural Difference<\/em> (2011. \u2013 2013.). Na Odsjeku za etnologiju i kulturnu antropologiju trenutno izvodi seminare na tri kolegija: Teorije kulturne antropologije, Etnografija Jugoisto\u010dne Europe, Etnolo\u0161ka kartografija te &nbsp;predavanja i seminar na kolegiju Antropologija mo\u0107i. Objavio je knjigu <em>Izbjegli\u0161tvo u suvremenom svijetu: od politi\u010dkoteorijskih utemeljenja do biopoliti\u010dkih ishoda <\/em>(2016), petnaestak znanstvenih i stru\u010dnih radova te je izlagao na osamnaest doma\u0107ih i inozemnih znanstvenih i stru\u010dnih skupova.<\/p>\n\n\n\n<div class=\"wp-block-columns\">\n<div class=\"wp-block-column\">\n<p class=\"has-text-color has-background has-text-align-center has-sitebg-color has-accent-1-background-color\">  <strong> dupetrov@ffzg.hr<\/strong>   <\/p>\n<\/div>\n\n\n\n<div class=\"wp-block-column\">\n<p class=\"has-text-color has-background has-text-align-center has-sitebg-color has-accent-1-background-color\"><a href=\"https:\/\/www.bib.irb.hr\/pregled\/znanstvenici\/319403?autor=319403\" target=\"_blank\" rel=\"noreferrer noopener\" aria-label=\"Bibliografija  (otvara se u novoj kartici)\"><strong>Bibliography<\/strong> <\/a><\/p>\n<\/div>\n<\/div>","protected":false},"excerpt":{"rendered":"<p>Dr. sc. Du\u0161ko Petrovi\u0107 (Sarajevo, 1977) diplomirao je filozofiju i etnologiju na Filozofskom fakultetu Sveu\u010dili\u0161ta u Zagrebu 2004. godine. Doktorirao je 2013. godine s radom pod naslovom Fenomen izbjegli\u0161tva &hellip;<\/p>","protected":false},"author":1,"featured_media":0,"parent":0,"menu_order":0,"comment_status":"closed","ping_status":"closed","template":"","meta":{"_monsterinsights_skip_tracking":false,"_monsterinsights_sitenote_active":false,"_monsterinsights_sitenote_note":"","_monsterinsights_sitenote_category":0,"kk_blocks_editor_width":"","_kiokenblocks_attr":"","_kiokenblocks_dimensions":""},"aioseo_notices":[],"_links":{"self":[{"href":"https:\/\/erim.ief.hr\/en\/wp-json\/wp\/v2\/pages\/228"}],"collection":[{"href":"https:\/\/erim.ief.hr\/en\/wp-json\/wp\/v2\/pages"}],"about":[{"href":"https:\/\/erim.ief.hr\/en\/wp-json\/wp\/v2\/types\/page"}],"author":[{"embeddable":true,"href":"https:\/\/erim.ief.hr\/en\/wp-json\/wp\/v2\/users\/1"}],"replies":[{"embeddable":true,"href":"https:\/\/erim.ief.hr\/en\/wp-json\/wp\/v2\/comments?post=228"}],"version-history":[{"count":12,"href":"https:\/\/erim.ief.hr\/en\/wp-json\/wp\/v2\/pages\/228\/revisions"}],"predecessor-version":[{"id":354,"href":"https:\/\/erim.ief.hr\/en\/wp-json\/wp\/v2\/pages\/228\/revisions\/354"}],"wp:attachment":[{"href":"https:\/\/erim.ief.hr\/en\/wp-json\/wp\/v2\/media?parent=228"}],"curies":[{"name":"wp","href":"https:\/\/api.w.org\/{rel}","templated":true}]}}